{"id":3496,"date":"2025-08-28T12:00:23","date_gmt":"2025-08-28T10:00:23","guid":{"rendered":"https:\/\/oigusliit.eu\/?post_type=tribe_events&#038;p=3496"},"modified":"2025-09-04T10:49:39","modified_gmt":"2025-09-04T08:49:39","slug":"oigusaasta-avamine-3","status":"publish","type":"tribe_events","link":"https:\/\/oigusliit.eu\/en\/sundmus\/oigusaasta-avamine-3\/","title":{"rendered":"\u00d5IGUSAASTA AVAMINE"},"content":{"rendered":"<p><span style=\"font-weight: 400;\">\ud83d\udcabHea \u00f5igusteaduskonna tudeng\ud83d\udcab<\/span><\/p>\n<p><span style=\"font-weight: 400;\">Suvi on l\u00e4bi saanud ja aeg on taas seada sammud \u00f5iguse radadele. Enne kui \u00f5ppet\u00f6\u00f6 t\u00e4ie hooga k\u00e4ima l\u00e4heb, kutsume sind \u00f5igusaasta avamisele!<\/span><\/p>\n<p><span style=\"font-weight: 400;\">\ud83d\udccd 4. september kell 18.15<\/span><\/p>\n<p><span style=\"font-weight: 400;\">Tartu \u00dclikooli muuseumi valge saal<\/span><\/p>\n<p><span style=\"font-weight: 400;\">\u00d5igusaasta avamine on hea v\u00f5imalus \u2013 eriti just esmakursuslastele \u2013 kohtuda oma \u00f5ppej\u00f5ududega v\u00e4ljaspool loengusaali ning saada aimu, kuhu erinevad \u00f5iguse valdkonnad sind elus ning karj\u00e4\u00e4riredelil viia v\u00f5ivad. \u00dcrituselt ei puudu ka v\u00e4ike sn\u00e4kk ning joogipoolis. \ud83e\udd42<\/span><\/p>\n<p><span style=\"font-weight: 400;\">Sellel aastal tulevad enda kogemusi ning lugusid jagama Tartu \u00dclikooli tunnustatud \u00f5ppej\u00f5ud:<\/span><\/p>\n<p><span style=\"font-weight: 400;\">\u2728Anda Laurand \u2013 haldus- ja riigi\u00f5igus<\/span><\/p>\n<p><span style=\"font-weight: 400;\">\u2728Mario Truu \u2013 karistus\u00f5igus<\/span><\/p>\n<p><span style=\"font-weight: 400;\">\u2728Andres Vutt \u2013 tsiviil\u00f5igus<\/span><\/p>\n<p><span style=\"font-weight: 400;\">Nagu ikka on \u00fcritus on tasuta, kuid osalemiseks on vajalik registreerimine.<\/span><\/p>\n<p><span style=\"font-weight: 400;\">Kui selgub, et Sa siiski \u00fcritusel osaleda ei saa, siis anna sellest palun teada aadressil: <\/span><a href=\"mailto:eouliit@gmail.com\"><span style=\"font-weight: 400;\">eouliit@gmail.com<\/span><\/a><span style=\"font-weight: 400;\">. Sellisel juhul saame pakkuda kohta m\u00f5nele teisele soovijale \ud83d\ude42. T\u00e4name m\u00f5istva suhtumise eest!\u00a0<\/span><\/p>","protected":false},"excerpt":{"rendered":"<p>\ud83d\udcabHea \u00f5igusteaduskonna tudeng\ud83d\udcab Suvi on l\u00e4bi saanud ja aeg on taas seada sammud \u00f5iguse radadele. Enne kui \u00f5ppet\u00f6\u00f6 t\u00e4ie hooga k\u00e4ima l\u00e4heb, kutsume sind \u00f5igusaasta avamisele! \ud83d\udccd 4. september kell [&hellip;]<\/p>\n","protected":false},"author":2,"featured_media":3497,"template":"","meta":{"_acf_changed":false,"_monsterinsights_skip_tracking":false,"_uf_show_specific_survey":0,"_uf_disable_surveys":false,"site-sidebar-layout":"default","site-content-layout":"","ast-site-content-layout":"default","site-content-style":"default","site-sidebar-style":"default","ast-global-header-display":"","ast-banner-title-visibility":"","ast-main-header-display":"","ast-hfb-above-header-display":"","ast-hfb-below-header-display":"","ast-hfb-mobile-header-display":"","site-post-title":"","ast-breadcrumbs-content":"","ast-featured-img":"","footer-sml-layout":"","ast-disable-related-posts":"","theme-transparent-header-meta":"default","adv-header-id-meta":"","stick-header-meta":"","header-above-stick-meta":"","header-main-stick-meta":"","header-below-stick-meta":"","astra-migrate-meta-layouts":"set","ast-page-background-enabled":"default","ast-page-background-meta":{"desktop":{"background-color":"","background-image":"","background-repeat":"repeat","background-position":"center center","background-size":"auto","background-attachment":"scroll","background-type":"","background-media":"","overlay-type":"","overlay-color":"","overlay-opacity":"","overlay-gradient":""},"tablet":{"background-color":"","background-image":"","background-repeat":"repeat","background-position":"center center","background-size":"auto","background-attachment":"scroll","background-type":"","background-media":"","overlay-type":"","overlay-color":"","overlay-opacity":"","overlay-gradient":""},"mobile":{"background-color":"","background-image":"","background-repeat":"repeat","background-position":"center center","background-size":"auto","background-attachment":"scroll","background-type":"","background-media":"","overlay-type":"","overlay-color":"","overlay-opacity":"","overlay-gradient":""}},"ast-content-background-meta":{"desktop":{"background-color":"var(--ast-global-color-5)","background-image":"","background-repeat":"repeat","background-position":"center center","background-size":"auto","background-attachment":"scroll","background-type":"","background-media":"","overlay-type":"","overlay-color":"","overlay-opacity":"","overlay-gradient":""},"tablet":{"background-color":"var(--ast-global-color-5)","background-image":"","background-repeat":"repeat","background-position":"center center","background-size":"auto","background-attachment":"scroll","background-type":"","background-media":"","overlay-type":"","overlay-color":"","overlay-opacity":"","overlay-gradient":""},"mobile":{"background-color":"var(--ast-global-color-5)","background-image":"","background-repeat":"repeat","background-position":"center center","background-size":"auto","background-attachment":"scroll","background-type":"","background-media":"","overlay-type":"","overlay-color":"","overlay-opacity":"","overlay-gradient":""}},"_tribe_events_status":"","_tribe_events_status_reason":"","footnotes":""},"tags":[],"tribe_events_cat":[],"class_list":["post-3496","tribe_events","type-tribe_events","status-publish","has-post-thumbnail","hentry"],"aioseo_notices":[],"aioseo_head":"\n\t\t<!-- All in One SEO 5.0.0.1 - aioseo.com -->\n\t<meta name=\"description\" content=\"\ud83d\udcabHea \u00f5igusteaduskonna tudeng\ud83d\udcab Suvi on l\u00e4bi saanud ja aeg on taas seada sammud \u00f5iguse radadele. Enne kui \u00f5ppet\u00f6\u00f6 t\u00e4ie hooga k\u00e4ima l\u00e4heb, kutsume sind \u00f5igusaasta avamisele! \ud83d\udccd 4. september kell 18.15 Tartu \u00dclikooli muuseumi valge saal \u00d5igusaasta avamine on hea v\u00f5imalus \u2013 eriti just esmakursuslastele \u2013 kohtuda oma \u00f5ppej\u00f5ududega v\u00e4ljaspool loengusaali ning saada aimu, kuhu\" \/>\n\t<meta name=\"robots\" content=\"max-image-preview:large\" \/>\n\t<meta name=\"author\" content=\"Eesti \u00d5igusteaduse \u00dcli\u00f5pilaste Liit\"\/>\n\t<link rel=\"canonical\" href=\"https:\/\/oigusliit.eu\/en\/sundmus\/oigusaasta-avamine-3\/\" \/>\n\t<meta name=\"generator\" content=\"All in One SEO (AIOSEO) 5.0.0.1\" \/>\n\t\t<meta property=\"og:locale\" content=\"en_US\" \/>\n\t\t<meta property=\"og:site_name\" content=\"Eesti \u00d5igusteaduse \u00dcli\u00f5pilaste Liit - Edukas tudeng on mitmek\u00fclgsete erialaste teadmiste, tarvilike tutvuste ja avatud m\u00f5tlemisega. Seet\u00f5ttu korraldab Eesti \u00d5igusteaduse \u00dcli\u00f5pilaste Liidu meeskond oma ala professionaalidega seminare, foorumeid ning muid seltskondlikke \u00fcritusi.\" \/>\n\t\t<meta property=\"og:type\" content=\"article\" \/>\n\t\t<meta property=\"og:title\" content=\"\u00d5IGUSAASTA AVAMINE - Eesti \u00d5igusteaduse \u00dcli\u00f5pilaste Liit\" \/>\n\t\t<meta property=\"og:description\" content=\"\ud83d\udcabHea \u00f5igusteaduskonna tudeng\ud83d\udcab Suvi on l\u00e4bi saanud ja aeg on taas seada sammud \u00f5iguse radadele. Enne kui \u00f5ppet\u00f6\u00f6 t\u00e4ie hooga k\u00e4ima l\u00e4heb, kutsume sind \u00f5igusaasta avamisele! \ud83d\udccd 4. september kell 18.15 Tartu \u00dclikooli muuseumi valge saal \u00d5igusaasta avamine on hea v\u00f5imalus \u2013 eriti just esmakursuslastele \u2013 kohtuda oma \u00f5ppej\u00f5ududega v\u00e4ljaspool loengusaali ning saada aimu, kuhu\" \/>\n\t\t<meta property=\"og:url\" content=\"https:\/\/oigusliit.eu\/en\/sundmus\/oigusaasta-avamine-3\/\" \/>\n\t\t<meta property=\"og:image\" content=\"https:\/\/oigusliit.eu\/wp-content\/uploads\/2018\/05\/cropped-EOUL_Large_RGB.png\" \/>\n\t\t<meta property=\"og:image:secure_url\" content=\"https:\/\/oigusliit.eu\/wp-content\/uploads\/2018\/05\/cropped-EOUL_Large_RGB.png\" \/>\n\t\t<meta property=\"og:image:width\" content=\"1724\" \/>\n\t\t<meta property=\"og:image:height\" content=\"308\" \/>\n\t\t<meta property=\"article:published_time\" content=\"2025-08-28T10:00:23+00:00\" \/>\n\t\t<meta property=\"article:modified_time\" content=\"2025-09-04T08:49:39+00:00\" \/>\n\t\t<meta property=\"article:publisher\" content=\"https:\/\/www.facebook.com\/oigusliit\" \/>\n\t\t<meta name=\"twitter:card\" content=\"summary_large_image\" \/>\n\t\t<meta name=\"twitter:title\" content=\"\u00d5IGUSAASTA AVAMINE - Eesti \u00d5igusteaduse \u00dcli\u00f5pilaste Liit\" \/>\n\t\t<meta name=\"twitter:description\" content=\"\ud83d\udcabHea \u00f5igusteaduskonna tudeng\ud83d\udcab Suvi on l\u00e4bi saanud ja aeg on taas seada sammud \u00f5iguse radadele. Enne kui \u00f5ppet\u00f6\u00f6 t\u00e4ie hooga k\u00e4ima l\u00e4heb, kutsume sind \u00f5igusaasta avamisele! \ud83d\udccd 4. september kell 18.15 Tartu \u00dclikooli muuseumi valge saal \u00d5igusaasta avamine on hea v\u00f5imalus \u2013 eriti just esmakursuslastele \u2013 kohtuda oma \u00f5ppej\u00f5ududega v\u00e4ljaspool loengusaali ning saada aimu, kuhu\" \/>\n\t\t<meta name=\"twitter:image\" content=\"https:\/\/oigusliit.eu\/wp-content\/uploads\/2018\/05\/cropped-EOUL_Large_RGB.png\" \/>\n\t\t<script type=\"application\/ld+json\" class=\"aioseo-schema\">\n\t\t\t{\"@context\":\"https:\\\/\\\/schema.org\",\"@graph\":[{\"@type\":\"BreadcrumbList\",\"@id\":\"https:\\\/\\\/oigusliit.eu\\\/en\\\/sundmus\\\/oigusaasta-avamine-3\\\/#breadcrumblist\",\"itemListElement\":[{\"@type\":\"ListItem\",\"@id\":\"https:\\\/\\\/oigusliit.eu\\\/en#listItem\",\"position\":1,\"name\":\"Home\",\"item\":\"https:\\\/\\\/oigusliit.eu\\\/en\",\"nextItem\":{\"@type\":\"ListItem\",\"@id\":\"https:\\\/\\\/oigusliit.eu\\\/en\\\/sundmused\\\/#listItem\",\"name\":\"Events\"}},{\"@type\":\"ListItem\",\"@id\":\"https:\\\/\\\/oigusliit.eu\\\/en\\\/sundmused\\\/#listItem\",\"position\":2,\"name\":\"Events\",\"item\":\"https:\\\/\\\/oigusliit.eu\\\/en\\\/sundmused\\\/\",\"nextItem\":{\"@type\":\"ListItem\",\"@id\":\"https:\\\/\\\/oigusliit.eu\\\/en\\\/sundmus\\\/oigusaasta-avamine-3\\\/#listItem\",\"name\":\"\\u00d5IGUSAASTA AVAMINE\"},\"previousItem\":{\"@type\":\"ListItem\",\"@id\":\"https:\\\/\\\/oigusliit.eu\\\/en#listItem\",\"name\":\"Home\"}},{\"@type\":\"ListItem\",\"@id\":\"https:\\\/\\\/oigusliit.eu\\\/en\\\/sundmus\\\/oigusaasta-avamine-3\\\/#listItem\",\"position\":3,\"name\":\"\\u00d5IGUSAASTA AVAMINE\",\"previousItem\":{\"@type\":\"ListItem\",\"@id\":\"https:\\\/\\\/oigusliit.eu\\\/en\\\/sundmused\\\/#listItem\",\"name\":\"Events\"}}]},{\"@type\":\"Organization\",\"@id\":\"https:\\\/\\\/oigusliit.eu\\\/en\\\/#organization\",\"name\":\"Eesti \\u00d5igusteaduse \\u00dcli\\u00f5pilaste Liit\",\"description\":\"Edukas tudeng on mitmek\\u00fclgsete erialaste teadmiste, tarvilike tutvuste ja avatud m\\u00f5tlemisega. Seet\\u00f5ttu korraldab Eesti \\u00d5igusteaduse \\u00dcli\\u00f5pilaste Liidu meeskond oma ala professionaalidega seminare, foorumeid ning muid seltskondlikke \\u00fcritusi.\",\"url\":\"https:\\\/\\\/oigusliit.eu\\\/en\\\/\",\"logo\":{\"@type\":\"ImageObject\",\"url\":\"https:\\\/\\\/oigusliit.eu\\\/wp-content\\\/uploads\\\/2018\\\/05\\\/cropped-EOUL_Large_RGB.png\",\"@id\":\"https:\\\/\\\/oigusliit.eu\\\/en\\\/sundmus\\\/oigusaasta-avamine-3\\\/#organizationLogo\",\"width\":1724,\"height\":308},\"image\":{\"@id\":\"https:\\\/\\\/oigusliit.eu\\\/en\\\/sundmus\\\/oigusaasta-avamine-3\\\/#organizationLogo\"},\"sameAs\":[\"https:\\\/\\\/www.facebook.com\\\/oigusliit\",\"https:\\\/\\\/www.instagram.com\\\/eestiouliit\\\/\",\"https:\\\/\\\/ee.linkedin.com\\\/company\\\/estonian-law-student-union\"]},{\"@type\":\"Person\",\"@id\":\"https:\\\/\\\/oigusliit.eu\\\/en\\\/author\\\/oigusliit\\\/#author\",\"url\":\"https:\\\/\\\/oigusliit.eu\\\/en\\\/author\\\/oigusliit\\\/\",\"name\":\"Eesti \\u00d5igusteaduse \\u00dcli\\u00f5pilaste Liit\",\"image\":{\"@type\":\"ImageObject\",\"@id\":\"https:\\\/\\\/oigusliit.eu\\\/en\\\/sundmus\\\/oigusaasta-avamine-3\\\/#authorImage\",\"url\":\"https:\\\/\\\/secure.gravatar.com\\\/avatar\\\/768a80beaa508df146347e06ee5c20bdaea161e25aaf99b99f421e1c6826484e?s=96&d=mm&r=g\",\"width\":96,\"height\":96,\"caption\":\"Eesti \\u00d5igusteaduse \\u00dcli\\u00f5pilaste Liit\"}},{\"@type\":\"WebPage\",\"@id\":\"https:\\\/\\\/oigusliit.eu\\\/en\\\/sundmus\\\/oigusaasta-avamine-3\\\/#webpage\",\"url\":\"https:\\\/\\\/oigusliit.eu\\\/en\\\/sundmus\\\/oigusaasta-avamine-3\\\/\",\"name\":\"\\u00d5IGUSAASTA AVAMINE - Eesti \\u00d5igusteaduse \\u00dcli\\u00f5pilaste Liit\",\"description\":\"\\ud83d\\udcabHea \\u00f5igusteaduskonna tudeng\\ud83d\\udcab Suvi on l\\u00e4bi saanud ja aeg on taas seada sammud \\u00f5iguse radadele. Enne kui \\u00f5ppet\\u00f6\\u00f6 t\\u00e4ie hooga k\\u00e4ima l\\u00e4heb, kutsume sind \\u00f5igusaasta avamisele! \\ud83d\\udccd 4. september kell 18.15 Tartu \\u00dclikooli muuseumi valge saal \\u00d5igusaasta avamine on hea v\\u00f5imalus \\u2013 eriti just esmakursuslastele \\u2013 kohtuda oma \\u00f5ppej\\u00f5ududega v\\u00e4ljaspool loengusaali ning saada aimu, kuhu\",\"inLanguage\":\"en-US\",\"isPartOf\":{\"@id\":\"https:\\\/\\\/oigusliit.eu\\\/en\\\/#website\"},\"breadcrumb\":{\"@id\":\"https:\\\/\\\/oigusliit.eu\\\/en\\\/sundmus\\\/oigusaasta-avamine-3\\\/#breadcrumblist\"},\"author\":{\"@id\":\"https:\\\/\\\/oigusliit.eu\\\/en\\\/author\\\/oigusliit\\\/#author\"},\"creator\":{\"@id\":\"https:\\\/\\\/oigusliit.eu\\\/en\\\/author\\\/oigusliit\\\/#author\"},\"image\":{\"@type\":\"ImageObject\",\"url\":\"https:\\\/\\\/oigusliit.eu\\\/wp-content\\\/uploads\\\/2025\\\/08\\\/Oigusaasta-avamine-25.png\",\"@id\":\"https:\\\/\\\/oigusliit.eu\\\/en\\\/sundmus\\\/oigusaasta-avamine-3\\\/#mainImage\",\"width\":1920,\"height\":1080},\"primaryImageOfPage\":{\"@id\":\"https:\\\/\\\/oigusliit.eu\\\/en\\\/sundmus\\\/oigusaasta-avamine-3\\\/#mainImage\"},\"datePublished\":\"2025-08-28T12:00:23+02:00\",\"dateModified\":\"2025-09-04T10:49:39+02:00\"},{\"@type\":\"WebSite\",\"@id\":\"https:\\\/\\\/oigusliit.eu\\\/en\\\/#website\",\"url\":\"https:\\\/\\\/oigusliit.eu\\\/en\\\/\",\"name\":\"Eesti \\u00d5igusteaduse \\u00dcli\\u00f5pilaste Liit\",\"alternateName\":\"E\\u00d5\\u00dcL\",\"description\":\"Edukas tudeng on mitmek\\u00fclgsete erialaste teadmiste, tarvilike tutvuste ja avatud m\\u00f5tlemisega. Seet\\u00f5ttu korraldab Eesti \\u00d5igusteaduse \\u00dcli\\u00f5pilaste Liidu meeskond oma ala professionaalidega seminare, foorumeid ning muid seltskondlikke \\u00fcritusi.\",\"inLanguage\":\"en-US\",\"publisher\":{\"@id\":\"https:\\\/\\\/oigusliit.eu\\\/en\\\/#organization\"}}]}\n\t\t<\/script>\n\t\t<!-- All in One SEO -->\n\n","aioseo_head_json":{"title":"\u00d5IGUSAASTA AVAMINE - Eesti \u00d5igusteaduse \u00dcli\u00f5pilaste Liit","description":"\ud83d\udcabHea \u00f5igusteaduskonna tudeng\ud83d\udcab Suvi on l\u00e4bi saanud ja aeg on taas seada sammud \u00f5iguse radadele. Enne kui \u00f5ppet\u00f6\u00f6 t\u00e4ie hooga k\u00e4ima l\u00e4heb, kutsume sind \u00f5igusaasta avamisele! \ud83d\udccd 4. september kell 18.15 Tartu \u00dclikooli muuseumi valge saal \u00d5igusaasta avamine on hea v\u00f5imalus \u2013 eriti just esmakursuslastele \u2013 kohtuda oma \u00f5ppej\u00f5ududega v\u00e4ljaspool loengusaali ning saada aimu, kuhu","canonical_url":"https:\/\/oigusliit.eu\/en\/sundmus\/oigusaasta-avamine-3\/","robots":"max-image-preview:large","keywords":"","webmasterTools":{"miscellaneous":""},"schema":{"@context":"https:\/\/schema.org","@graph":[{"@type":"BreadcrumbList","@id":"https:\/\/oigusliit.eu\/en\/sundmus\/oigusaasta-avamine-3\/#breadcrumblist","itemListElement":[{"@type":"ListItem","@id":"https:\/\/oigusliit.eu\/en#listItem","position":1,"name":"Home","item":"https:\/\/oigusliit.eu\/en","nextItem":{"@type":"ListItem","@id":"https:\/\/oigusliit.eu\/en\/sundmused\/#listItem","name":"Events"}},{"@type":"ListItem","@id":"https:\/\/oigusliit.eu\/en\/sundmused\/#listItem","position":2,"name":"Events","item":"https:\/\/oigusliit.eu\/en\/sundmused\/","nextItem":{"@type":"ListItem","@id":"https:\/\/oigusliit.eu\/en\/sundmus\/oigusaasta-avamine-3\/#listItem","name":"\u00d5IGUSAASTA AVAMINE"},"previousItem":{"@type":"ListItem","@id":"https:\/\/oigusliit.eu\/en#listItem","name":"Home"}},{"@type":"ListItem","@id":"https:\/\/oigusliit.eu\/en\/sundmus\/oigusaasta-avamine-3\/#listItem","position":3,"name":"\u00d5IGUSAASTA AVAMINE","previousItem":{"@type":"ListItem","@id":"https:\/\/oigusliit.eu\/en\/sundmused\/#listItem","name":"Events"}}]},{"@type":"Organization","@id":"https:\/\/oigusliit.eu\/en\/#organization","name":"Eesti \u00d5igusteaduse \u00dcli\u00f5pilaste Liit","description":"Edukas tudeng on mitmek\u00fclgsete erialaste teadmiste, tarvilike tutvuste ja avatud m\u00f5tlemisega. Seet\u00f5ttu korraldab Eesti \u00d5igusteaduse \u00dcli\u00f5pilaste Liidu meeskond oma ala professionaalidega seminare, foorumeid ning muid seltskondlikke \u00fcritusi.","url":"https:\/\/oigusliit.eu\/en\/","logo":{"@type":"ImageObject","url":"https:\/\/oigusliit.eu\/wp-content\/uploads\/2018\/05\/cropped-EOUL_Large_RGB.png","@id":"https:\/\/oigusliit.eu\/en\/sundmus\/oigusaasta-avamine-3\/#organizationLogo","width":1724,"height":308},"image":{"@id":"https:\/\/oigusliit.eu\/en\/sundmus\/oigusaasta-avamine-3\/#organizationLogo"},"sameAs":["https:\/\/www.facebook.com\/oigusliit","https:\/\/www.instagram.com\/eestiouliit\/","https:\/\/ee.linkedin.com\/company\/estonian-law-student-union"]},{"@type":"Person","@id":"https:\/\/oigusliit.eu\/en\/author\/oigusliit\/#author","url":"https:\/\/oigusliit.eu\/en\/author\/oigusliit\/","name":"Eesti \u00d5igusteaduse \u00dcli\u00f5pilaste Liit","image":{"@type":"ImageObject","@id":"https:\/\/oigusliit.eu\/en\/sundmus\/oigusaasta-avamine-3\/#authorImage","url":"https:\/\/secure.gravatar.com\/avatar\/768a80beaa508df146347e06ee5c20bdaea161e25aaf99b99f421e1c6826484e?s=96&d=mm&r=g","width":96,"height":96,"caption":"Eesti \u00d5igusteaduse \u00dcli\u00f5pilaste Liit"}},{"@type":"WebPage","@id":"https:\/\/oigusliit.eu\/en\/sundmus\/oigusaasta-avamine-3\/#webpage","url":"https:\/\/oigusliit.eu\/en\/sundmus\/oigusaasta-avamine-3\/","name":"\u00d5IGUSAASTA AVAMINE - Eesti \u00d5igusteaduse \u00dcli\u00f5pilaste Liit","description":"\ud83d\udcabHea \u00f5igusteaduskonna tudeng\ud83d\udcab Suvi on l\u00e4bi saanud ja aeg on taas seada sammud \u00f5iguse radadele. Enne kui \u00f5ppet\u00f6\u00f6 t\u00e4ie hooga k\u00e4ima l\u00e4heb, kutsume sind \u00f5igusaasta avamisele! \ud83d\udccd 4. september kell 18.15 Tartu \u00dclikooli muuseumi valge saal \u00d5igusaasta avamine on hea v\u00f5imalus \u2013 eriti just esmakursuslastele \u2013 kohtuda oma \u00f5ppej\u00f5ududega v\u00e4ljaspool loengusaali ning saada aimu, kuhu","inLanguage":"en-US","isPartOf":{"@id":"https:\/\/oigusliit.eu\/en\/#website"},"breadcrumb":{"@id":"https:\/\/oigusliit.eu\/en\/sundmus\/oigusaasta-avamine-3\/#breadcrumblist"},"author":{"@id":"https:\/\/oigusliit.eu\/en\/author\/oigusliit\/#author"},"creator":{"@id":"https:\/\/oigusliit.eu\/en\/author\/oigusliit\/#author"},"image":{"@type":"ImageObject","url":"https:\/\/oigusliit.eu\/wp-content\/uploads\/2025\/08\/Oigusaasta-avamine-25.png","@id":"https:\/\/oigusliit.eu\/en\/sundmus\/oigusaasta-avamine-3\/#mainImage","width":1920,"height":1080},"primaryImageOfPage":{"@id":"https:\/\/oigusliit.eu\/en\/sundmus\/oigusaasta-avamine-3\/#mainImage"},"datePublished":"2025-08-28T12:00:23+02:00","dateModified":"2025-09-04T10:49:39+02:00"},{"@type":"WebSite","@id":"https:\/\/oigusliit.eu\/en\/#website","url":"https:\/\/oigusliit.eu\/en\/","name":"Eesti \u00d5igusteaduse \u00dcli\u00f5pilaste Liit","alternateName":"E\u00d5\u00dcL","description":"Edukas tudeng on mitmek\u00fclgsete erialaste teadmiste, tarvilike tutvuste ja avatud m\u00f5tlemisega. Seet\u00f5ttu korraldab Eesti \u00d5igusteaduse \u00dcli\u00f5pilaste Liidu meeskond oma ala professionaalidega seminare, foorumeid ning muid seltskondlikke \u00fcritusi.","inLanguage":"en-US","publisher":{"@id":"https:\/\/oigusliit.eu\/en\/#organization"}}]},"og:locale":"en_US","og:site_name":"Eesti \u00d5igusteaduse \u00dcli\u00f5pilaste Liit - Edukas tudeng on mitmek\u00fclgsete erialaste teadmiste, tarvilike tutvuste ja avatud m\u00f5tlemisega. Seet\u00f5ttu korraldab Eesti \u00d5igusteaduse \u00dcli\u00f5pilaste Liidu meeskond oma ala professionaalidega seminare, foorumeid ning muid seltskondlikke \u00fcritusi.","og:type":"article","og:title":"\u00d5IGUSAASTA AVAMINE - Eesti \u00d5igusteaduse \u00dcli\u00f5pilaste Liit","og:description":"\ud83d\udcabHea \u00f5igusteaduskonna tudeng\ud83d\udcab Suvi on l\u00e4bi saanud ja aeg on taas seada sammud \u00f5iguse radadele. Enne kui \u00f5ppet\u00f6\u00f6 t\u00e4ie hooga k\u00e4ima l\u00e4heb, kutsume sind \u00f5igusaasta avamisele! \ud83d\udccd 4. september kell 18.15 Tartu \u00dclikooli muuseumi valge saal \u00d5igusaasta avamine on hea v\u00f5imalus \u2013 eriti just esmakursuslastele \u2013 kohtuda oma \u00f5ppej\u00f5ududega v\u00e4ljaspool loengusaali ning saada aimu, kuhu","og:url":"https:\/\/oigusliit.eu\/en\/sundmus\/oigusaasta-avamine-3\/","og:image":"https:\/\/oigusliit.eu\/wp-content\/uploads\/2018\/05\/cropped-EOUL_Large_RGB.png","og:image:secure_url":"https:\/\/oigusliit.eu\/wp-content\/uploads\/2018\/05\/cropped-EOUL_Large_RGB.png","og:image:width":1724,"og:image:height":308,"article:published_time":"2025-08-28T10:00:23+00:00","article:modified_time":"2025-09-04T08:49:39+00:00","article:publisher":"https:\/\/www.facebook.com\/oigusliit","twitter:card":"summary_large_image","twitter:title":"\u00d5IGUSAASTA AVAMINE - Eesti \u00d5igusteaduse \u00dcli\u00f5pilaste Liit","twitter:description":"\ud83d\udcabHea \u00f5igusteaduskonna tudeng\ud83d\udcab Suvi on l\u00e4bi saanud ja aeg on taas seada sammud \u00f5iguse radadele. Enne kui \u00f5ppet\u00f6\u00f6 t\u00e4ie hooga k\u00e4ima l\u00e4heb, kutsume sind \u00f5igusaasta avamisele! \ud83d\udccd 4. september kell 18.15 Tartu \u00dclikooli muuseumi valge saal \u00d5igusaasta avamine on hea v\u00f5imalus \u2013 eriti just esmakursuslastele \u2013 kohtuda oma \u00f5ppej\u00f5ududega v\u00e4ljaspool loengusaali ning saada aimu, kuhu","twitter:image":"https:\/\/oigusliit.eu\/wp-content\/uploads\/2018\/05\/cropped-EOUL_Large_RGB.png"},"aioseo_meta_data":{"post_id":"3496","title":null,"description":null,"keywords":null,"keyphrases":{"focus":{"keyphrase":"","score":0,"analysis":{"keyphraseInTitle":{"score":0,"maxScore":9,"error":1}}},"additional":[]},"primary_term":null,"canonical_url":null,"og_title":null,"og_description":null,"og_object_type":"default","og_image_type":"default","og_image_url":null,"og_image_width":null,"og_image_height":null,"og_image_custom_url":null,"og_image_custom_fields":null,"og_video":"","og_custom_url":null,"og_article_section":null,"og_article_tags":null,"twitter_use_og":false,"twitter_card":"default","twitter_image_type":"default","twitter_image_url":null,"twitter_image_custom_url":null,"twitter_image_custom_fields":null,"twitter_title":null,"twitter_description":null,"schema":{"blockGraphs":[],"customGraphs":[],"default":{"data":{"Article":[],"Course":[],"Dataset":[],"FAQPage":[],"Movie":[],"Person":[],"Product":[],"ProductReview":[],"Car":[],"Recipe":[],"Service":[],"SoftwareApplication":[],"WebPage":[]},"graphName":"WebPage","isEnabled":true},"graphs":[]},"schema_type":"default","schema_type_options":null,"pillar_content":false,"robots_default":true,"robots_noindex":false,"robots_noarchive":false,"robots_nosnippet":false,"robots_nofollow":false,"robots_noimageindex":false,"robots_noodp":false,"robots_notranslate":false,"robots_max_snippet":"-1","robots_max_videopreview":"-1","robots_max_imagepreview":"large","priority":null,"frequency":"default","local_seo":null,"breadcrumb_settings":null,"limit_modified_date":false,"ai":{"faqs":[],"keyPoints":[],"titles":[],"descriptions":[],"socialPosts":{"email":[],"linkedin":[],"twitter":[],"facebook":[],"instagram":[]}},"created":"2025-08-27 20:31:38","updated":"2025-09-04 10:36:32","focus_keyword":null,"additional_keywords":null,"truseo_locale":null,"seo_analyzer_scan_date":null},"aioseo_breadcrumb":"<div class=\"aioseo-breadcrumbs\"><span class=\"aioseo-breadcrumb\">\n\t\t\t<a href=\"https:\/\/oigusliit.eu\/en\" title=\"Home\">Home<\/a>\n\t\t<\/span><span class=\"aioseo-breadcrumb-separator\">&raquo;<\/span><span class=\"aioseo-breadcrumb\">\n\t\t\t<a href=\"https:\/\/oigusliit.eu\/en\/sundmused\/\" title=\"Events\">Events<\/a>\n\t\t<\/span><span class=\"aioseo-breadcrumb-separator\">&raquo;<\/span><span class=\"aioseo-breadcrumb\">\n\t\t\t\u00d5IGUSAASTA AVAMINE\n\t\t<\/span><\/div>","aioseo_breadcrumb_json":[{"label":"Home","link":"https:\/\/oigusliit.eu\/en"},{"label":"Events","link":"https:\/\/oigusliit.eu\/en\/sundmused\/"},{"label":"\u00d5IGUSAASTA AVAMINE","link":"https:\/\/oigusliit.eu\/en\/sundmus\/oigusaasta-avamine-3\/"}],"acf":[],"spectra_blocks_featured_image_url":{"thumbnail":{"url":"https:\/\/oigusliit.eu\/wp-content\/uploads\/2025\/08\/Oigusaasta-avamine-25-150x150.png","width":150,"height":150},"medium":{"url":"https:\/\/oigusliit.eu\/wp-content\/uploads\/2025\/08\/Oigusaasta-avamine-25-300x169.png","width":300,"height":169},"medium_large":{"url":"https:\/\/oigusliit.eu\/wp-content\/uploads\/2025\/08\/Oigusaasta-avamine-25-768x432.png","width":768,"height":432},"large":{"url":"https:\/\/oigusliit.eu\/wp-content\/uploads\/2025\/08\/Oigusaasta-avamine-25-1024x576.png","width":1024,"height":576},"full":{"url":"https:\/\/oigusliit.eu\/wp-content\/uploads\/2025\/08\/Oigusaasta-avamine-25.png","width":1920,"height":1080}},"spectra_blocks_author_info":{"display_name":"Eesti \u00d5igusteaduse \u00dcli\u00f5pilaste Liit","avatar_url":"https:\/\/secure.gravatar.com\/avatar\/768a80beaa508df146347e06ee5c20bdaea161e25aaf99b99f421e1c6826484e?s=96&d=mm&r=g","author_link":"https:\/\/oigusliit.eu\/en\/author\/oigusliit\/","description":""},"_links":{"self":[{"href":"https:\/\/oigusliit.eu\/en\/wp-json\/wp\/v2\/tribe_events\/3496","targetHints":{"allow":["GET"]}}],"collection":[{"href":"https:\/\/oigusliit.eu\/en\/wp-json\/wp\/v2\/tribe_events"}],"about":[{"href":"https:\/\/oigusliit.eu\/en\/wp-json\/wp\/v2\/types\/tribe_events"}],"author":[{"embeddable":true,"href":"https:\/\/oigusliit.eu\/en\/wp-json\/wp\/v2\/users\/2"}],"version-history":[{"count":2,"href":"https:\/\/oigusliit.eu\/en\/wp-json\/wp\/v2\/tribe_events\/3496\/revisions"}],"predecessor-version":[{"id":3499,"href":"https:\/\/oigusliit.eu\/en\/wp-json\/wp\/v2\/tribe_events\/3496\/revisions\/3499"}],"wp:featuredmedia":[{"embeddable":true,"href":"https:\/\/oigusliit.eu\/en\/wp-json\/wp\/v2\/media\/3497"}],"wp:attachment":[{"href":"https:\/\/oigusliit.eu\/en\/wp-json\/wp\/v2\/media?parent=3496"}],"wp:term":[{"taxonomy":"post_tag","embeddable":true,"href":"https:\/\/oigusliit.eu\/en\/wp-json\/wp\/v2\/tags?post=3496"},{"taxonomy":"tribe_events_cat","embeddable":true,"href":"https:\/\/oigusliit.eu\/en\/wp-json\/wp\/v2\/tribe_events_cat?post=3496"}],"curies":[{"name":"wp","href":"https:\/\/api.w.org\/{rel}","templated":true}]}}