{"id":1431,"date":"2023-01-25T06:02:33","date_gmt":"2023-01-25T06:02:33","guid":{"rendered":"https:\/\/oigusliit.eu\/?post_type=tribe_events&#038;p=1431"},"modified":"2023-02-05T13:40:13","modified_gmt":"2023-02-05T13:40:13","slug":"eoul-x-njord-isikuandmete-kaitse","status":"publish","type":"tribe_events","link":"https:\/\/oigusliit.eu\/en\/sundmus\/eoul-x-njord-isikuandmete-kaitse\/","title":{"rendered":"E\u00d5\u00dcL x NJORD: Isikuandmete kaitse"},"content":{"rendered":"<div class=\"x1tlxs6b x1g8br2z x1gn5b1j x230xth x14ctfv x1okitfd x6ikm8r x10wlt62 x1mzt3pk x1y1aw1k xn6708d xwib8y2 x1ye3gou x1n2onr6 x13faqbe x1vjfegm\" role=\"none\">\n<div class=\"x9f619 x1n2onr6 x1ja2u2z __fb-light-mode\" role=\"none\">\n<p class=\"x6prxxf x1fc57z9 x1yc453h x126k92a xzsf02u\" dir=\"auto\" role=\"none\">Ambitsioonikas \u00f5igustudeng!<span class=\"x3nfvp2 x1j61x8r x1fcty0u xdj266r xhhsvwb xat24cr xgzva0m xxymvpz xlup9mm x1kky2od\"><img decoding=\"async\" src=\"https:\/\/static.xx.fbcdn.net\/images\/emoji.php\/v9\/t35\/2\/16\/2b50.png\" alt=\"\u2b50\ufe0f\" width=\"16\" height=\"16\" \/><br \/>\n<\/span><\/p>\n<p class=\"x6prxxf x1fc57z9 x1yc453h x126k92a xzsf02u\" dir=\"auto\" role=\"none\">Eesti \u00d5igusteaduse \u00dcli\u00f5pilaste Liit koost\u00f6\u00f6s advokaadib\u00fcrooga NJORD annavad uuele semestrile avapaugu!<span class=\"x3nfvp2 x1j61x8r x1fcty0u xdj266r xhhsvwb xat24cr xgzva0m xxymvpz xlup9mm x1kky2od\"><img decoding=\"async\" src=\"https:\/\/static.xx.fbcdn.net\/images\/emoji.php\/v9\/tf7\/2\/16\/1f929.png\" alt=\"\ud83e\udd29\" width=\"16\" height=\"16\" \/><\/span><\/p>\n<p class=\"x6prxxf x1fc57z9 x1yc453h x126k92a xzsf02u\" dir=\"auto\" role=\"none\">6.veebruaril tulevad vandeadvokaat Liisi J\u00fcrgen ja advokaat Gerda Grauberg Tartusse, et aidata \u00f5igustudengitel piiluda isikuandmete kaitse (GDPR) telgitagustesse.<span class=\"x3nfvp2 x1j61x8r x1fcty0u xdj266r xhhsvwb xat24cr xgzva0m xxymvpz xlup9mm x1kky2od\"><img decoding=\"async\" src=\"https:\/\/static.xx.fbcdn.net\/images\/emoji.php\/v9\/tdf\/2\/16\/1f4a5.png\" alt=\"\ud83d\udca5\" width=\"16\" height=\"16\" \/><\/span><\/p>\n<p class=\"x6prxxf x1fc57z9 x1yc453h x126k92a xzsf02u\" dir=\"auto\" role=\"none\">Muuhulgas tuleb juttu:<br \/>\n<span class=\"x3nfvp2 x1j61x8r x1fcty0u xdj266r xhhsvwb xat24cr xgzva0m xxymvpz xlup9mm x1kky2od\"><img loading=\"lazy\" decoding=\"async\" class=\"\" src=\"https:\/\/static.xx.fbcdn.net\/images\/emoji.php\/v9\/t8b\/2\/16\/2696.png\" alt=\"\u2696\ufe0f\" width=\"16\" height=\"16\" \/><\/span> Mis t\u00f5mbab isikuandmete kaitse osas j\u00e4relevalveasutuste t\u00e4helepanu?<br \/>\n<span class=\"x3nfvp2 x1j61x8r x1fcty0u xdj266r xhhsvwb xat24cr xgzva0m xxymvpz xlup9mm x1kky2od\"><img loading=\"lazy\" decoding=\"async\" src=\"https:\/\/static.xx.fbcdn.net\/images\/emoji.php\/v9\/t8b\/2\/16\/2696.png\" alt=\"\u2696\ufe0f\" width=\"16\" height=\"16\" \/><\/span> Kuidas turuosalised negatiivse tulemiga menetlusi ennetada saavad?<br \/>\n<span class=\"x3nfvp2 x1j61x8r x1fcty0u xdj266r xhhsvwb xat24cr xgzva0m xxymvpz xlup9mm x1kky2od\"><img loading=\"lazy\" decoding=\"async\" src=\"https:\/\/static.xx.fbcdn.net\/images\/emoji.php\/v9\/t8b\/2\/16\/2696.png\" alt=\"\u2696\ufe0f\" width=\"16\" height=\"16\" \/><\/span> Tuuakse n\u00e4iteid huvitavamatest selle teemaga seotud kaasustest ning trahvim\u00e4\u00e4radest isikuandmete kaitse regulatsiooni rikkumise korral &#8211; seda nii Eesti kui Euroopa Liidu kohtupraktikast!<\/p>\n<p class=\"x6prxxf x1fc57z9 x1yc453h x126k92a xzsf02u\" dir=\"auto\" role=\"none\">Tule ja saa osa uusi teadmisi t\u00e4is m\u00f5nusast \u00f5htust ning l\u00fckkame koos kevadsemestrile hoo sisse!<span class=\"x3nfvp2 x1j61x8r x1fcty0u xdj266r xhhsvwb xat24cr xgzva0m xxymvpz xlup9mm x1kky2od\"><img loading=\"lazy\" decoding=\"async\" src=\"https:\/\/static.xx.fbcdn.net\/images\/emoji.php\/v9\/tf6\/2\/16\/1f609.png\" alt=\"\ud83d\ude09\" width=\"16\" height=\"16\" \/><\/span><\/p>\n<p class=\"x6prxxf x1fc57z9 x1yc453h x126k92a xzsf02u\" dir=\"auto\" role=\"none\"><span class=\"x3nfvp2 x1j61x8r x1fcty0u xdj266r xhhsvwb xat24cr xgzva0m xxymvpz xlup9mm x1kky2od\"><img loading=\"lazy\" decoding=\"async\" src=\"https:\/\/static.xx.fbcdn.net\/images\/emoji.php\/v9\/tfb\/2\/16\/1f5d3.png\" alt=\"\ud83d\uddd3\ufe0f\" width=\"16\" height=\"16\" \/><\/span>6 .veebruar, kell 18.00<br \/>\n<span class=\"x3nfvp2 x1j61x8r x1fcty0u xdj266r xhhsvwb xat24cr xgzva0m xxymvpz xlup9mm x1kky2od\"><img loading=\"lazy\" decoding=\"async\" src=\"https:\/\/static.xx.fbcdn.net\/images\/emoji.php\/v9\/tcc\/2\/16\/1f4cd.png\" alt=\"\ud83d\udccd\" width=\"16\" height=\"16\" \/><\/span>NAIIV, Vabaduse pst 5, Tartu<br \/>\n<span class=\"x3nfvp2 x1j61x8r x1fcty0u xdj266r xhhsvwb xat24cr xgzva0m xxymvpz xlup9mm x1kky2od\"><img loading=\"lazy\" decoding=\"async\" src=\"https:\/\/static.xx.fbcdn.net\/images\/emoji.php\/v9\/tff\/2\/16\/1f4b6.png\" alt=\"\ud83d\udcb6\" width=\"16\" height=\"16\" \/><\/span>\u00dcritus on tasuta, kuid osav\u00f5tuks on vajalik registreerimine!<\/p>\n<p class=\"x6prxxf x1fc57z9 x1yc453h x126k92a xzsf02u\" dir=\"auto\" role=\"none\">*Juhul, kui oled \u00fcritusele registreerunud, kuid selgub, et foorumlauast osa v\u00f5tta ei saa, anna meile sellest palun esimesel v\u00f5imalusel teada, kirjutades eouliit@gmail.com<\/p>\n<\/div>\n<\/div>","protected":false},"excerpt":{"rendered":"<p>Ambitsioonikas \u00f5igustudeng! Eesti \u00d5igusteaduse \u00dcli\u00f5pilaste Liit koost\u00f6\u00f6s advokaadib\u00fcrooga NJORD annavad uuele semestrile avapaugu! 6.veebruaril tulevad vandeadvokaat Liisi J\u00fcrgen ja advokaat Gerda Grauberg Tartusse, et aidata \u00f5igustudengitel piiluda isikuandmete kaitse (GDPR) [&hellip;]<\/p>\n","protected":false},"author":2,"featured_media":1432,"template":"","meta":{"_acf_changed":false,"_monsterinsights_skip_tracking":false,"_uf_show_specific_survey":0,"_uf_disable_surveys":false,"site-sidebar-layout":"default","site-content-layout":"default","ast-site-content-layout":"default","site-content-style":"default","site-sidebar-style":"default","ast-global-header-display":"","ast-banner-title-visibility":"","ast-main-header-display":"","ast-hfb-above-header-display":"","ast-hfb-below-header-display":"","ast-hfb-mobile-header-display":"","site-post-title":"","ast-breadcrumbs-content":"","ast-featured-img":"","footer-sml-layout":"","ast-disable-related-posts":"","theme-transparent-header-meta":"default","adv-header-id-meta":"","stick-header-meta":"","header-above-stick-meta":"","header-main-stick-meta":"","header-below-stick-meta":"","astra-migrate-meta-layouts":"default","ast-page-background-enabled":"default","ast-page-background-meta":{"desktop":{"background-color":"","background-image":"","background-repeat":"repeat","background-position":"center center","background-size":"auto","background-attachment":"scroll","background-type":"","background-media":"","overlay-type":"","overlay-color":"","overlay-opacity":"","overlay-gradient":""},"tablet":{"background-color":"","background-image":"","background-repeat":"repeat","background-position":"center center","background-size":"auto","background-attachment":"scroll","background-type":"","background-media":"","overlay-type":"","overlay-color":"","overlay-opacity":"","overlay-gradient":""},"mobile":{"background-color":"","background-image":"","background-repeat":"repeat","background-position":"center center","background-size":"auto","background-attachment":"scroll","background-type":"","background-media":"","overlay-type":"","overlay-color":"","overlay-opacity":"","overlay-gradient":""}},"ast-content-background-meta":{"desktop":{"background-color":"var(--ast-global-color-5)","background-image":"","background-repeat":"repeat","background-position":"center center","background-size":"auto","background-attachment":"scroll","background-type":"","background-media":"","overlay-type":"","overlay-color":"","overlay-opacity":"","overlay-gradient":""},"tablet":{"background-color":"var(--ast-global-color-5)","background-image":"","background-repeat":"repeat","background-position":"center center","background-size":"auto","background-attachment":"scroll","background-type":"","background-media":"","overlay-type":"","overlay-color":"","overlay-opacity":"","overlay-gradient":""},"mobile":{"background-color":"var(--ast-global-color-5)","background-image":"","background-repeat":"repeat","background-position":"center center","background-size":"auto","background-attachment":"scroll","background-type":"","background-media":"","overlay-type":"","overlay-color":"","overlay-opacity":"","overlay-gradient":""}},"_tribe_events_status":"","_tribe_events_status_reason":"","footnotes":""},"tags":[],"tribe_events_cat":[],"class_list":["post-1431","tribe_events","type-tribe_events","status-publish","has-post-thumbnail","hentry"],"aioseo_notices":[],"aioseo_head":"\n\t\t<!-- All in One SEO 5.0.0.1 - aioseo.com -->\n\t<meta name=\"description\" content=\"Ambitsioonikas \u00f5igustudeng! Eesti \u00d5igusteaduse \u00dcli\u00f5pilaste Liit koost\u00f6\u00f6s advokaadib\u00fcrooga NJORD annavad uuele semestrile avapaugu! 6.veebruaril tulevad vandeadvokaat Liisi J\u00fcrgen ja advokaat Gerda Grauberg Tartusse, et aidata \u00f5igustudengitel piiluda isikuandmete kaitse (GDPR) telgitagustesse. Muuhulgas tuleb juttu: Mis t\u00f5mbab isikuandmete kaitse osas j\u00e4relevalveasutuste t\u00e4helepanu? Kuidas turuosalised negatiivse tulemiga menetlusi ennetada saavad? Tuuakse n\u00e4iteid huvitavamatest selle teemaga seotud kaasustest\" \/>\n\t<meta name=\"robots\" content=\"max-image-preview:large\" \/>\n\t<meta name=\"author\" content=\"Eesti \u00d5igusteaduse \u00dcli\u00f5pilaste Liit\"\/>\n\t<link rel=\"canonical\" href=\"https:\/\/oigusliit.eu\/en\/sundmus\/eoul-x-njord-isikuandmete-kaitse\/\" \/>\n\t<meta name=\"generator\" content=\"All in One SEO (AIOSEO) 5.0.0.1\" \/>\n\t\t<meta property=\"og:locale\" content=\"en_US\" \/>\n\t\t<meta property=\"og:site_name\" content=\"Eesti \u00d5igusteaduse \u00dcli\u00f5pilaste Liit - Edukas tudeng on mitmek\u00fclgsete erialaste teadmiste, tarvilike tutvuste ja avatud m\u00f5tlemisega. Seet\u00f5ttu korraldab Eesti \u00d5igusteaduse \u00dcli\u00f5pilaste Liidu meeskond oma ala professionaalidega seminare, foorumeid ning muid seltskondlikke \u00fcritusi.\" \/>\n\t\t<meta property=\"og:type\" content=\"article\" \/>\n\t\t<meta property=\"og:title\" content=\"E\u00d5\u00dcL x NJORD: Isikuandmete kaitse - Eesti \u00d5igusteaduse \u00dcli\u00f5pilaste Liit\" \/>\n\t\t<meta property=\"og:description\" content=\"Ambitsioonikas \u00f5igustudeng! Eesti \u00d5igusteaduse \u00dcli\u00f5pilaste Liit koost\u00f6\u00f6s advokaadib\u00fcrooga NJORD annavad uuele semestrile avapaugu! 6.veebruaril tulevad vandeadvokaat Liisi J\u00fcrgen ja advokaat Gerda Grauberg Tartusse, et aidata \u00f5igustudengitel piiluda isikuandmete kaitse (GDPR) telgitagustesse. Muuhulgas tuleb juttu: Mis t\u00f5mbab isikuandmete kaitse osas j\u00e4relevalveasutuste t\u00e4helepanu? Kuidas turuosalised negatiivse tulemiga menetlusi ennetada saavad? Tuuakse n\u00e4iteid huvitavamatest selle teemaga seotud kaasustest\" \/>\n\t\t<meta property=\"og:url\" content=\"https:\/\/oigusliit.eu\/en\/sundmus\/eoul-x-njord-isikuandmete-kaitse\/\" \/>\n\t\t<meta property=\"og:image\" content=\"https:\/\/oigusliit.eu\/wp-content\/uploads\/2018\/05\/cropped-EOUL_Large_RGB.png\" \/>\n\t\t<meta property=\"og:image:secure_url\" content=\"https:\/\/oigusliit.eu\/wp-content\/uploads\/2018\/05\/cropped-EOUL_Large_RGB.png\" \/>\n\t\t<meta property=\"og:image:width\" content=\"1724\" \/>\n\t\t<meta property=\"og:image:height\" content=\"308\" \/>\n\t\t<meta property=\"article:published_time\" content=\"2023-01-25T06:02:33+00:00\" \/>\n\t\t<meta property=\"article:modified_time\" content=\"2023-02-05T13:40:13+00:00\" \/>\n\t\t<meta property=\"article:publisher\" content=\"https:\/\/www.facebook.com\/oigusliit\" \/>\n\t\t<meta name=\"twitter:card\" content=\"summary_large_image\" \/>\n\t\t<meta name=\"twitter:title\" content=\"E\u00d5\u00dcL x NJORD: Isikuandmete kaitse - Eesti \u00d5igusteaduse \u00dcli\u00f5pilaste Liit\" \/>\n\t\t<meta name=\"twitter:description\" content=\"Ambitsioonikas \u00f5igustudeng! Eesti \u00d5igusteaduse \u00dcli\u00f5pilaste Liit koost\u00f6\u00f6s advokaadib\u00fcrooga NJORD annavad uuele semestrile avapaugu! 6.veebruaril tulevad vandeadvokaat Liisi J\u00fcrgen ja advokaat Gerda Grauberg Tartusse, et aidata \u00f5igustudengitel piiluda isikuandmete kaitse (GDPR) telgitagustesse. Muuhulgas tuleb juttu: Mis t\u00f5mbab isikuandmete kaitse osas j\u00e4relevalveasutuste t\u00e4helepanu? Kuidas turuosalised negatiivse tulemiga menetlusi ennetada saavad? Tuuakse n\u00e4iteid huvitavamatest selle teemaga seotud kaasustest\" \/>\n\t\t<meta name=\"twitter:image\" content=\"https:\/\/oigusliit.eu\/wp-content\/uploads\/2018\/05\/cropped-EOUL_Large_RGB.png\" \/>\n\t\t<script type=\"application\/ld+json\" class=\"aioseo-schema\">\n\t\t\t{\"@context\":\"https:\\\/\\\/schema.org\",\"@graph\":[{\"@type\":\"BreadcrumbList\",\"@id\":\"https:\\\/\\\/oigusliit.eu\\\/en\\\/sundmus\\\/eoul-x-njord-isikuandmete-kaitse\\\/#breadcrumblist\",\"itemListElement\":[{\"@type\":\"ListItem\",\"@id\":\"https:\\\/\\\/oigusliit.eu\\\/en#listItem\",\"position\":1,\"name\":\"Home\",\"item\":\"https:\\\/\\\/oigusliit.eu\\\/en\",\"nextItem\":{\"@type\":\"ListItem\",\"@id\":\"https:\\\/\\\/oigusliit.eu\\\/en\\\/sundmused\\\/#listItem\",\"name\":\"Events\"}},{\"@type\":\"ListItem\",\"@id\":\"https:\\\/\\\/oigusliit.eu\\\/en\\\/sundmused\\\/#listItem\",\"position\":2,\"name\":\"Events\",\"item\":\"https:\\\/\\\/oigusliit.eu\\\/en\\\/sundmused\\\/\",\"nextItem\":{\"@type\":\"ListItem\",\"@id\":\"https:\\\/\\\/oigusliit.eu\\\/en\\\/sundmus\\\/eoul-x-njord-isikuandmete-kaitse\\\/#listItem\",\"name\":\"E\\u00d5\\u00dcL x NJORD: Isikuandmete kaitse\"},\"previousItem\":{\"@type\":\"ListItem\",\"@id\":\"https:\\\/\\\/oigusliit.eu\\\/en#listItem\",\"name\":\"Home\"}},{\"@type\":\"ListItem\",\"@id\":\"https:\\\/\\\/oigusliit.eu\\\/en\\\/sundmus\\\/eoul-x-njord-isikuandmete-kaitse\\\/#listItem\",\"position\":3,\"name\":\"E\\u00d5\\u00dcL x NJORD: Isikuandmete kaitse\",\"previousItem\":{\"@type\":\"ListItem\",\"@id\":\"https:\\\/\\\/oigusliit.eu\\\/en\\\/sundmused\\\/#listItem\",\"name\":\"Events\"}}]},{\"@type\":\"Organization\",\"@id\":\"https:\\\/\\\/oigusliit.eu\\\/en\\\/#organization\",\"name\":\"Eesti \\u00d5igusteaduse \\u00dcli\\u00f5pilaste Liit\",\"description\":\"Edukas tudeng on mitmek\\u00fclgsete erialaste teadmiste, tarvilike tutvuste ja avatud m\\u00f5tlemisega. Seet\\u00f5ttu korraldab Eesti \\u00d5igusteaduse \\u00dcli\\u00f5pilaste Liidu meeskond oma ala professionaalidega seminare, foorumeid ning muid seltskondlikke \\u00fcritusi.\",\"url\":\"https:\\\/\\\/oigusliit.eu\\\/en\\\/\",\"logo\":{\"@type\":\"ImageObject\",\"url\":\"https:\\\/\\\/oigusliit.eu\\\/wp-content\\\/uploads\\\/2018\\\/05\\\/cropped-EOUL_Large_RGB.png\",\"@id\":\"https:\\\/\\\/oigusliit.eu\\\/en\\\/sundmus\\\/eoul-x-njord-isikuandmete-kaitse\\\/#organizationLogo\",\"width\":1724,\"height\":308},\"image\":{\"@id\":\"https:\\\/\\\/oigusliit.eu\\\/en\\\/sundmus\\\/eoul-x-njord-isikuandmete-kaitse\\\/#organizationLogo\"},\"sameAs\":[\"https:\\\/\\\/www.facebook.com\\\/oigusliit\",\"https:\\\/\\\/www.instagram.com\\\/eestiouliit\\\/\",\"https:\\\/\\\/ee.linkedin.com\\\/company\\\/estonian-law-student-union\"]},{\"@type\":\"Person\",\"@id\":\"https:\\\/\\\/oigusliit.eu\\\/en\\\/author\\\/oigusliit\\\/#author\",\"url\":\"https:\\\/\\\/oigusliit.eu\\\/en\\\/author\\\/oigusliit\\\/\",\"name\":\"Eesti \\u00d5igusteaduse \\u00dcli\\u00f5pilaste Liit\",\"image\":{\"@type\":\"ImageObject\",\"@id\":\"https:\\\/\\\/oigusliit.eu\\\/en\\\/sundmus\\\/eoul-x-njord-isikuandmete-kaitse\\\/#authorImage\",\"url\":\"https:\\\/\\\/secure.gravatar.com\\\/avatar\\\/768a80beaa508df146347e06ee5c20bdaea161e25aaf99b99f421e1c6826484e?s=96&d=mm&r=g\",\"width\":96,\"height\":96,\"caption\":\"Eesti \\u00d5igusteaduse \\u00dcli\\u00f5pilaste Liit\"}},{\"@type\":\"WebPage\",\"@id\":\"https:\\\/\\\/oigusliit.eu\\\/en\\\/sundmus\\\/eoul-x-njord-isikuandmete-kaitse\\\/#webpage\",\"url\":\"https:\\\/\\\/oigusliit.eu\\\/en\\\/sundmus\\\/eoul-x-njord-isikuandmete-kaitse\\\/\",\"name\":\"E\\u00d5\\u00dcL x NJORD: Isikuandmete kaitse - Eesti \\u00d5igusteaduse \\u00dcli\\u00f5pilaste Liit\",\"description\":\"Ambitsioonikas \\u00f5igustudeng! Eesti \\u00d5igusteaduse \\u00dcli\\u00f5pilaste Liit koost\\u00f6\\u00f6s advokaadib\\u00fcrooga NJORD annavad uuele semestrile avapaugu! 6.veebruaril tulevad vandeadvokaat Liisi J\\u00fcrgen ja advokaat Gerda Grauberg Tartusse, et aidata \\u00f5igustudengitel piiluda isikuandmete kaitse (GDPR) telgitagustesse. Muuhulgas tuleb juttu: Mis t\\u00f5mbab isikuandmete kaitse osas j\\u00e4relevalveasutuste t\\u00e4helepanu? Kuidas turuosalised negatiivse tulemiga menetlusi ennetada saavad? Tuuakse n\\u00e4iteid huvitavamatest selle teemaga seotud kaasustest\",\"inLanguage\":\"en-US\",\"isPartOf\":{\"@id\":\"https:\\\/\\\/oigusliit.eu\\\/en\\\/#website\"},\"breadcrumb\":{\"@id\":\"https:\\\/\\\/oigusliit.eu\\\/en\\\/sundmus\\\/eoul-x-njord-isikuandmete-kaitse\\\/#breadcrumblist\"},\"author\":{\"@id\":\"https:\\\/\\\/oigusliit.eu\\\/en\\\/author\\\/oigusliit\\\/#author\"},\"creator\":{\"@id\":\"https:\\\/\\\/oigusliit.eu\\\/en\\\/author\\\/oigusliit\\\/#author\"},\"image\":{\"@type\":\"ImageObject\",\"url\":\"https:\\\/\\\/oigusliit.eu\\\/wp-content\\\/uploads\\\/2023\\\/01\\\/327302919_749326649946202_7445020040851066936_n.jpg\",\"@id\":\"https:\\\/\\\/oigusliit.eu\\\/en\\\/sundmus\\\/eoul-x-njord-isikuandmete-kaitse\\\/#mainImage\",\"width\":1920,\"height\":1080},\"primaryImageOfPage\":{\"@id\":\"https:\\\/\\\/oigusliit.eu\\\/en\\\/sundmus\\\/eoul-x-njord-isikuandmete-kaitse\\\/#mainImage\"},\"datePublished\":\"2023-01-25T06:02:33+02:00\",\"dateModified\":\"2023-02-05T13:40:13+02:00\"},{\"@type\":\"WebSite\",\"@id\":\"https:\\\/\\\/oigusliit.eu\\\/en\\\/#website\",\"url\":\"https:\\\/\\\/oigusliit.eu\\\/en\\\/\",\"name\":\"Eesti \\u00d5igusteaduse \\u00dcli\\u00f5pilaste Liit\",\"alternateName\":\"E\\u00d5\\u00dcL\",\"description\":\"Edukas tudeng on mitmek\\u00fclgsete erialaste teadmiste, tarvilike tutvuste ja avatud m\\u00f5tlemisega. Seet\\u00f5ttu korraldab Eesti \\u00d5igusteaduse \\u00dcli\\u00f5pilaste Liidu meeskond oma ala professionaalidega seminare, foorumeid ning muid seltskondlikke \\u00fcritusi.\",\"inLanguage\":\"en-US\",\"publisher\":{\"@id\":\"https:\\\/\\\/oigusliit.eu\\\/en\\\/#organization\"}}]}\n\t\t<\/script>\n\t\t<!-- All in One SEO -->\n\n","aioseo_head_json":{"title":"E\u00d5\u00dcL x NJORD: Isikuandmete kaitse - Eesti \u00d5igusteaduse \u00dcli\u00f5pilaste Liit","description":"Ambitsioonikas \u00f5igustudeng! Eesti \u00d5igusteaduse \u00dcli\u00f5pilaste Liit koost\u00f6\u00f6s advokaadib\u00fcrooga NJORD annavad uuele semestrile avapaugu! 6.veebruaril tulevad vandeadvokaat Liisi J\u00fcrgen ja advokaat Gerda Grauberg Tartusse, et aidata \u00f5igustudengitel piiluda isikuandmete kaitse (GDPR) telgitagustesse. Muuhulgas tuleb juttu: Mis t\u00f5mbab isikuandmete kaitse osas j\u00e4relevalveasutuste t\u00e4helepanu? Kuidas turuosalised negatiivse tulemiga menetlusi ennetada saavad? Tuuakse n\u00e4iteid huvitavamatest selle teemaga seotud kaasustest","canonical_url":"https:\/\/oigusliit.eu\/en\/sundmus\/eoul-x-njord-isikuandmete-kaitse\/","robots":"max-image-preview:large","keywords":"","webmasterTools":{"miscellaneous":""},"schema":{"@context":"https:\/\/schema.org","@graph":[{"@type":"BreadcrumbList","@id":"https:\/\/oigusliit.eu\/en\/sundmus\/eoul-x-njord-isikuandmete-kaitse\/#breadcrumblist","itemListElement":[{"@type":"ListItem","@id":"https:\/\/oigusliit.eu\/en#listItem","position":1,"name":"Home","item":"https:\/\/oigusliit.eu\/en","nextItem":{"@type":"ListItem","@id":"https:\/\/oigusliit.eu\/en\/sundmused\/#listItem","name":"Events"}},{"@type":"ListItem","@id":"https:\/\/oigusliit.eu\/en\/sundmused\/#listItem","position":2,"name":"Events","item":"https:\/\/oigusliit.eu\/en\/sundmused\/","nextItem":{"@type":"ListItem","@id":"https:\/\/oigusliit.eu\/en\/sundmus\/eoul-x-njord-isikuandmete-kaitse\/#listItem","name":"E\u00d5\u00dcL x NJORD: Isikuandmete kaitse"},"previousItem":{"@type":"ListItem","@id":"https:\/\/oigusliit.eu\/en#listItem","name":"Home"}},{"@type":"ListItem","@id":"https:\/\/oigusliit.eu\/en\/sundmus\/eoul-x-njord-isikuandmete-kaitse\/#listItem","position":3,"name":"E\u00d5\u00dcL x NJORD: Isikuandmete kaitse","previousItem":{"@type":"ListItem","@id":"https:\/\/oigusliit.eu\/en\/sundmused\/#listItem","name":"Events"}}]},{"@type":"Organization","@id":"https:\/\/oigusliit.eu\/en\/#organization","name":"Eesti \u00d5igusteaduse \u00dcli\u00f5pilaste Liit","description":"Edukas tudeng on mitmek\u00fclgsete erialaste teadmiste, tarvilike tutvuste ja avatud m\u00f5tlemisega. Seet\u00f5ttu korraldab Eesti \u00d5igusteaduse \u00dcli\u00f5pilaste Liidu meeskond oma ala professionaalidega seminare, foorumeid ning muid seltskondlikke \u00fcritusi.","url":"https:\/\/oigusliit.eu\/en\/","logo":{"@type":"ImageObject","url":"https:\/\/oigusliit.eu\/wp-content\/uploads\/2018\/05\/cropped-EOUL_Large_RGB.png","@id":"https:\/\/oigusliit.eu\/en\/sundmus\/eoul-x-njord-isikuandmete-kaitse\/#organizationLogo","width":1724,"height":308},"image":{"@id":"https:\/\/oigusliit.eu\/en\/sundmus\/eoul-x-njord-isikuandmete-kaitse\/#organizationLogo"},"sameAs":["https:\/\/www.facebook.com\/oigusliit","https:\/\/www.instagram.com\/eestiouliit\/","https:\/\/ee.linkedin.com\/company\/estonian-law-student-union"]},{"@type":"Person","@id":"https:\/\/oigusliit.eu\/en\/author\/oigusliit\/#author","url":"https:\/\/oigusliit.eu\/en\/author\/oigusliit\/","name":"Eesti \u00d5igusteaduse \u00dcli\u00f5pilaste Liit","image":{"@type":"ImageObject","@id":"https:\/\/oigusliit.eu\/en\/sundmus\/eoul-x-njord-isikuandmete-kaitse\/#authorImage","url":"https:\/\/secure.gravatar.com\/avatar\/768a80beaa508df146347e06ee5c20bdaea161e25aaf99b99f421e1c6826484e?s=96&d=mm&r=g","width":96,"height":96,"caption":"Eesti \u00d5igusteaduse \u00dcli\u00f5pilaste Liit"}},{"@type":"WebPage","@id":"https:\/\/oigusliit.eu\/en\/sundmus\/eoul-x-njord-isikuandmete-kaitse\/#webpage","url":"https:\/\/oigusliit.eu\/en\/sundmus\/eoul-x-njord-isikuandmete-kaitse\/","name":"E\u00d5\u00dcL x NJORD: Isikuandmete kaitse - Eesti \u00d5igusteaduse \u00dcli\u00f5pilaste Liit","description":"Ambitsioonikas \u00f5igustudeng! Eesti \u00d5igusteaduse \u00dcli\u00f5pilaste Liit koost\u00f6\u00f6s advokaadib\u00fcrooga NJORD annavad uuele semestrile avapaugu! 6.veebruaril tulevad vandeadvokaat Liisi J\u00fcrgen ja advokaat Gerda Grauberg Tartusse, et aidata \u00f5igustudengitel piiluda isikuandmete kaitse (GDPR) telgitagustesse. Muuhulgas tuleb juttu: Mis t\u00f5mbab isikuandmete kaitse osas j\u00e4relevalveasutuste t\u00e4helepanu? Kuidas turuosalised negatiivse tulemiga menetlusi ennetada saavad? Tuuakse n\u00e4iteid huvitavamatest selle teemaga seotud kaasustest","inLanguage":"en-US","isPartOf":{"@id":"https:\/\/oigusliit.eu\/en\/#website"},"breadcrumb":{"@id":"https:\/\/oigusliit.eu\/en\/sundmus\/eoul-x-njord-isikuandmete-kaitse\/#breadcrumblist"},"author":{"@id":"https:\/\/oigusliit.eu\/en\/author\/oigusliit\/#author"},"creator":{"@id":"https:\/\/oigusliit.eu\/en\/author\/oigusliit\/#author"},"image":{"@type":"ImageObject","url":"https:\/\/oigusliit.eu\/wp-content\/uploads\/2023\/01\/327302919_749326649946202_7445020040851066936_n.jpg","@id":"https:\/\/oigusliit.eu\/en\/sundmus\/eoul-x-njord-isikuandmete-kaitse\/#mainImage","width":1920,"height":1080},"primaryImageOfPage":{"@id":"https:\/\/oigusliit.eu\/en\/sundmus\/eoul-x-njord-isikuandmete-kaitse\/#mainImage"},"datePublished":"2023-01-25T06:02:33+02:00","dateModified":"2023-02-05T13:40:13+02:00"},{"@type":"WebSite","@id":"https:\/\/oigusliit.eu\/en\/#website","url":"https:\/\/oigusliit.eu\/en\/","name":"Eesti \u00d5igusteaduse \u00dcli\u00f5pilaste Liit","alternateName":"E\u00d5\u00dcL","description":"Edukas tudeng on mitmek\u00fclgsete erialaste teadmiste, tarvilike tutvuste ja avatud m\u00f5tlemisega. Seet\u00f5ttu korraldab Eesti \u00d5igusteaduse \u00dcli\u00f5pilaste Liidu meeskond oma ala professionaalidega seminare, foorumeid ning muid seltskondlikke \u00fcritusi.","inLanguage":"en-US","publisher":{"@id":"https:\/\/oigusliit.eu\/en\/#organization"}}]},"og:locale":"en_US","og:site_name":"Eesti \u00d5igusteaduse \u00dcli\u00f5pilaste Liit - Edukas tudeng on mitmek\u00fclgsete erialaste teadmiste, tarvilike tutvuste ja avatud m\u00f5tlemisega. Seet\u00f5ttu korraldab Eesti \u00d5igusteaduse \u00dcli\u00f5pilaste Liidu meeskond oma ala professionaalidega seminare, foorumeid ning muid seltskondlikke \u00fcritusi.","og:type":"article","og:title":"E\u00d5\u00dcL x NJORD: Isikuandmete kaitse - Eesti \u00d5igusteaduse \u00dcli\u00f5pilaste Liit","og:description":"Ambitsioonikas \u00f5igustudeng! Eesti \u00d5igusteaduse \u00dcli\u00f5pilaste Liit koost\u00f6\u00f6s advokaadib\u00fcrooga NJORD annavad uuele semestrile avapaugu! 6.veebruaril tulevad vandeadvokaat Liisi J\u00fcrgen ja advokaat Gerda Grauberg Tartusse, et aidata \u00f5igustudengitel piiluda isikuandmete kaitse (GDPR) telgitagustesse. Muuhulgas tuleb juttu: Mis t\u00f5mbab isikuandmete kaitse osas j\u00e4relevalveasutuste t\u00e4helepanu? Kuidas turuosalised negatiivse tulemiga menetlusi ennetada saavad? Tuuakse n\u00e4iteid huvitavamatest selle teemaga seotud kaasustest","og:url":"https:\/\/oigusliit.eu\/en\/sundmus\/eoul-x-njord-isikuandmete-kaitse\/","og:image":"https:\/\/oigusliit.eu\/wp-content\/uploads\/2018\/05\/cropped-EOUL_Large_RGB.png","og:image:secure_url":"https:\/\/oigusliit.eu\/wp-content\/uploads\/2018\/05\/cropped-EOUL_Large_RGB.png","og:image:width":1724,"og:image:height":308,"article:published_time":"2023-01-25T06:02:33+00:00","article:modified_time":"2023-02-05T13:40:13+00:00","article:publisher":"https:\/\/www.facebook.com\/oigusliit","twitter:card":"summary_large_image","twitter:title":"E\u00d5\u00dcL x NJORD: Isikuandmete kaitse - Eesti \u00d5igusteaduse \u00dcli\u00f5pilaste Liit","twitter:description":"Ambitsioonikas \u00f5igustudeng! Eesti \u00d5igusteaduse \u00dcli\u00f5pilaste Liit koost\u00f6\u00f6s advokaadib\u00fcrooga NJORD annavad uuele semestrile avapaugu! 6.veebruaril tulevad vandeadvokaat Liisi J\u00fcrgen ja advokaat Gerda Grauberg Tartusse, et aidata \u00f5igustudengitel piiluda isikuandmete kaitse (GDPR) telgitagustesse. Muuhulgas tuleb juttu: Mis t\u00f5mbab isikuandmete kaitse osas j\u00e4relevalveasutuste t\u00e4helepanu? Kuidas turuosalised negatiivse tulemiga menetlusi ennetada saavad? Tuuakse n\u00e4iteid huvitavamatest selle teemaga seotud kaasustest","twitter:image":"https:\/\/oigusliit.eu\/wp-content\/uploads\/2018\/05\/cropped-EOUL_Large_RGB.png"},"aioseo_meta_data":{"post_id":"1431","title":null,"description":null,"keywords":null,"keyphrases":null,"primary_term":null,"canonical_url":null,"og_title":null,"og_description":null,"og_object_type":"default","og_image_type":"default","og_image_url":null,"og_image_width":null,"og_image_height":null,"og_image_custom_url":null,"og_image_custom_fields":null,"og_video":null,"og_custom_url":null,"og_article_section":null,"og_article_tags":null,"twitter_use_og":false,"twitter_card":"default","twitter_image_type":"default","twitter_image_url":null,"twitter_image_custom_url":null,"twitter_image_custom_fields":null,"twitter_title":null,"twitter_description":null,"schema":{"blockGraphs":[],"customGraphs":[],"default":{"data":{"Article":[],"Course":[],"Dataset":[],"FAQPage":[],"Movie":[],"Person":[],"Product":[],"ProductReview":[],"Car":[],"Recipe":[],"Service":[],"SoftwareApplication":[],"WebPage":[]},"graphName":"","isEnabled":true},"graphs":[]},"schema_type":"default","schema_type_options":null,"pillar_content":false,"robots_default":true,"robots_noindex":false,"robots_noarchive":false,"robots_nosnippet":false,"robots_nofollow":false,"robots_noimageindex":false,"robots_noodp":false,"robots_notranslate":false,"robots_max_snippet":null,"robots_max_videopreview":null,"robots_max_imagepreview":"large","priority":null,"frequency":null,"local_seo":null,"breadcrumb_settings":null,"limit_modified_date":false,"ai":null,"created":"2023-09-13 11:28:14","updated":"2025-09-04 10:23:46","focus_keyword":null,"additional_keywords":null,"truseo_locale":null,"seo_analyzer_scan_date":null},"aioseo_breadcrumb":"<div class=\"aioseo-breadcrumbs\"><span class=\"aioseo-breadcrumb\">\n\t\t\t<a href=\"https:\/\/oigusliit.eu\/en\" title=\"Home\">Home<\/a>\n\t\t<\/span><span class=\"aioseo-breadcrumb-separator\">&raquo;<\/span><span class=\"aioseo-breadcrumb\">\n\t\t\t<a href=\"https:\/\/oigusliit.eu\/en\/sundmused\/\" title=\"Events\">Events<\/a>\n\t\t<\/span><span class=\"aioseo-breadcrumb-separator\">&raquo;<\/span><span class=\"aioseo-breadcrumb\">\n\t\t\tE\u00d5\u00dcL x NJORD: Isikuandmete kaitse\n\t\t<\/span><\/div>","aioseo_breadcrumb_json":[{"label":"Home","link":"https:\/\/oigusliit.eu\/en"},{"label":"Events","link":"https:\/\/oigusliit.eu\/en\/sundmused\/"},{"label":"E\u00d5\u00dcL x NJORD: Isikuandmete kaitse","link":"https:\/\/oigusliit.eu\/en\/sundmus\/eoul-x-njord-isikuandmete-kaitse\/"}],"acf":[],"spectra_blocks_featured_image_url":{"thumbnail":{"url":"https:\/\/oigusliit.eu\/wp-content\/uploads\/2023\/01\/327302919_749326649946202_7445020040851066936_n-150x150.jpg","width":150,"height":150},"medium":{"url":"https:\/\/oigusliit.eu\/wp-content\/uploads\/2023\/01\/327302919_749326649946202_7445020040851066936_n-300x169.jpg","width":300,"height":169},"medium_large":{"url":"https:\/\/oigusliit.eu\/wp-content\/uploads\/2023\/01\/327302919_749326649946202_7445020040851066936_n-768x432.jpg","width":768,"height":432},"large":{"url":"https:\/\/oigusliit.eu\/wp-content\/uploads\/2023\/01\/327302919_749326649946202_7445020040851066936_n-1024x576.jpg","width":1024,"height":576},"full":{"url":"https:\/\/oigusliit.eu\/wp-content\/uploads\/2023\/01\/327302919_749326649946202_7445020040851066936_n.jpg","width":1920,"height":1080}},"spectra_blocks_author_info":{"display_name":"Eesti \u00d5igusteaduse \u00dcli\u00f5pilaste Liit","avatar_url":"https:\/\/secure.gravatar.com\/avatar\/768a80beaa508df146347e06ee5c20bdaea161e25aaf99b99f421e1c6826484e?s=96&d=mm&r=g","author_link":"https:\/\/oigusliit.eu\/en\/author\/oigusliit\/","description":""},"_links":{"self":[{"href":"https:\/\/oigusliit.eu\/en\/wp-json\/wp\/v2\/tribe_events\/1431","targetHints":{"allow":["GET"]}}],"collection":[{"href":"https:\/\/oigusliit.eu\/en\/wp-json\/wp\/v2\/tribe_events"}],"about":[{"href":"https:\/\/oigusliit.eu\/en\/wp-json\/wp\/v2\/types\/tribe_events"}],"author":[{"embeddable":true,"href":"https:\/\/oigusliit.eu\/en\/wp-json\/wp\/v2\/users\/2"}],"version-history":[{"count":7,"href":"https:\/\/oigusliit.eu\/en\/wp-json\/wp\/v2\/tribe_events\/1431\/revisions"}],"predecessor-version":[{"id":1439,"href":"https:\/\/oigusliit.eu\/en\/wp-json\/wp\/v2\/tribe_events\/1431\/revisions\/1439"}],"wp:featuredmedia":[{"embeddable":true,"href":"https:\/\/oigusliit.eu\/en\/wp-json\/wp\/v2\/media\/1432"}],"wp:attachment":[{"href":"https:\/\/oigusliit.eu\/en\/wp-json\/wp\/v2\/media?parent=1431"}],"wp:term":[{"taxonomy":"post_tag","embeddable":true,"href":"https:\/\/oigusliit.eu\/en\/wp-json\/wp\/v2\/tags?post=1431"},{"taxonomy":"tribe_events_cat","embeddable":true,"href":"https:\/\/oigusliit.eu\/en\/wp-json\/wp\/v2\/tribe_events_cat?post=1431"}],"curies":[{"name":"wp","href":"https:\/\/api.w.org\/{rel}","templated":true}]}}